{"id":256,"date":"2025-01-23T23:43:16","date_gmt":"2025-01-23T22:43:16","guid":{"rendered":"https:\/\/eventstadl.de\/?page_id=256"},"modified":"2025-02-01T12:31:16","modified_gmt":"2025-02-01T11:31:16","slug":"256-2","status":"publish","type":"page","link":"https:\/\/bauen-kraus.de\/?page_id=256","title":{"rendered":"Datenschutz"},"content":{"rendered":"<p>[et_pb_section fb_built=&#8220;1&#8243; disabled_on=&#8220;on|on|on&#8220; _builder_version=&#8220;4.27.4&#8243; _module_preset=&#8220;default&#8220; background_color=&#8220;RGBA(255,255,255,0)&#8220; transform_translate=&#8220;0px|-40px&#8220; transform_translate_linked=&#8220;off&#8220; custom_margin=&#8220;-7px||||false|false&#8220; custom_padding=&#8220;0px||||false|false&#8220; disabled=&#8220;on&#8220; global_colors_info=&#8220;{}&#8220;][et_pb_row column_structure=&#8220;1_3,1_3,1_3&#8243; use_custom_gutter=&#8220;on&#8220; gutter_width=&#8220;1&#8243; make_equal=&#8220;on&#8220; _builder_version=&#8220;4.27.4&#8243; _module_preset=&#8220;default&#8220; width=&#8220;100{c94ec2e16cc1700317c9b58aa1376c395a916a915f054a6828f4f4979fc18d7d}&#8220; max_width=&#8220;2124px&#8220; custom_margin=&#8220;-55px||||false|false&#8220; global_colors_info=&#8220;{}&#8220;][et_pb_column type=&#8220;1_3&#8243; _builder_version=&#8220;4.27.4&#8243; _module_preset=&#8220;default&#8220; custom_padding=&#8220;|0px||0px|false|false&#8220; global_colors_info=&#8220;{}&#8220;][et_pb_image src=&#8220;https:\/\/eventstadl.de\/wp-content\/uploads\/2025\/01\/e.png&#8220; title_text=&#8220;e&#8220; force_fullwidth=&#8220;on&#8220; _builder_version=&#8220;4.27.4&#8243; _module_preset=&#8220;default&#8220; custom_margin=&#8220;0px||0px||false|false&#8220; custom_padding=&#8220;0px||0px||false|false&#8220; global_colors_info=&#8220;{}&#8220;][\/et_pb_image][\/et_pb_column][et_pb_column type=&#8220;1_3&#8243; _builder_version=&#8220;4.27.4&#8243; _module_preset=&#8220;default&#8220; global_colors_info=&#8220;{}&#8220;][et_pb_image src=&#8220;https:\/\/eventstadl.de\/wp-content\/uploads\/2025\/01\/w.png&#8220; title_text=&#8220;w&#8220; force_fullwidth=&#8220;on&#8220; _builder_version=&#8220;4.27.4&#8243; _module_preset=&#8220;default&#8220; global_colors_info=&#8220;{}&#8220;][\/et_pb_image][\/et_pb_column][et_pb_column type=&#8220;1_3&#8243; _builder_version=&#8220;4.27.4&#8243; _module_preset=&#8220;default&#8220; global_colors_info=&#8220;{}&#8220;][et_pb_image src=&#8220;https:\/\/eventstadl.de\/wp-content\/uploads\/2025\/01\/BP-1.png&#8220; title_text=&#8220;BP&#8220; force_fullwidth=&#8220;on&#8220; _builder_version=&#8220;4.27.4&#8243; _module_preset=&#8220;default&#8220; global_colors_info=&#8220;{}&#8220;][\/et_pb_image][\/et_pb_column][\/et_pb_row][et_pb_row _builder_version=&#8220;4.27.4&#8243; _module_preset=&#8220;default&#8220; height=&#8220;100px&#8220; max_height=&#8220;100px&#8220; custom_margin=&#8220;-100px||0px||false|false&#8220; custom_padding=&#8220;0px||0px||false|false&#8220; global_colors_info=&#8220;{}&#8220;][et_pb_column type=&#8220;4_4&#8243; _builder_version=&#8220;4.27.4&#8243; _module_preset=&#8220;default&#8220; global_colors_info=&#8220;{}&#8220;][et_pb_heading title=&#8220;Wilkommen bei der R. Kraus Bau GmbH&#8220; _builder_version=&#8220;4.27.4&#8243; _module_preset=&#8220;default&#8220; title_font=&#8220;|700|||||||&#8220; title_text_align=&#8220;center&#8220; title_text_color=&#8220;#FFFFFF&#8220; title_font_size=&#8220;100px&#8220; transform_scale_linked=&#8220;off&#8220; transform_translate=&#8220;0px|-450px&#8220; transform_translate_linked=&#8220;off&#8220; title_text_shadow_style=&#8220;preset3&#8243; title_text_shadow_color=&#8220;rgba(0,0,0,0.74)&#8220; global_colors_info=&#8220;{}&#8220;][\/et_pb_heading][\/et_pb_column][\/et_pb_row][\/et_pb_section][et_pb_section fb_built=&#8220;1&#8243; fullwidth=&#8220;on&#8220; disabled_on=&#8220;on|on|off&#8220; admin_label=&#8220;vollbreit neu keine ahnung&#8220; _builder_version=&#8220;4.27.4&#8243; _module_preset=&#8220;default&#8220; background_color=&#8220;#136D37&#8243; max_height=&#8220;100px&#8220; global_colors_info=&#8220;{}&#8220; theme_builder_area=&#8220;post_content&#8220;][et_pb_fullwidth_menu menu_id=&#8220;8&#8243; active_link_color=&#8220;#FFFFFF&#8220; logo=&#8220;https:\/\/eventstadl.de\/wp-content\/uploads\/2025\/01\/Logo-dunkel-Krausbau.png&#8220; logo_max_height=&#8220;100px&#8220; admin_label=&#8220;test 3&#8243; _builder_version=&#8220;4.27.4&#8243; _module_preset=&#8220;default&#8220; menu_font=&#8220;|600|||||||&#8220; menu_text_color=&#8220;#FFFFFF&#8220; menu_font_size=&#8220;24px&#8220; background_color=&#8220;gcid-primary-color&#8220; text_orientation=&#8220;right&#8220; max_height=&#8220;100px&#8220; menu_text_shadow_style=&#8220;preset1&#8243; global_colors_info=&#8220;{{c94ec2e16cc1700317c9b58aa1376c395a916a915f054a6828f4f4979fc18d7d}22gcid-primary-color{c94ec2e16cc1700317c9b58aa1376c395a916a915f054a6828f4f4979fc18d7d}22:{c94ec2e16cc1700317c9b58aa1376c395a916a915f054a6828f4f4979fc18d7d}91{c94ec2e16cc1700317c9b58aa1376c395a916a915f054a6828f4f4979fc18d7d}22background_color{c94ec2e16cc1700317c9b58aa1376c395a916a915f054a6828f4f4979fc18d7d}22{c94ec2e16cc1700317c9b58aa1376c395a916a915f054a6828f4f4979fc18d7d}93}&#8220; theme_builder_area=&#8220;post_content&#8220;][\/et_pb_fullwidth_menu][\/et_pb_section][et_pb_section fb_built=&#8220;1&#8243; _builder_version=&#8220;4.27.4&#8243; _module_preset=&#8220;default&#8220; global_colors_info=&#8220;{}&#8220;][et_pb_row _builder_version=&#8220;4.27.4&#8243; _module_preset=&#8220;default&#8220; global_colors_info=&#8220;{}&#8220;][et_pb_column type=&#8220;4_4&#8243; _builder_version=&#8220;4.27.4&#8243; _module_preset=&#8220;default&#8220; global_colors_info=&#8220;{}&#8220;][et_pb_text _builder_version=&#8220;4.27.4&#8243; _module_preset=&#8220;default&#8220; global_colors_info=&#8220;{}&#8220;]<\/p>\n<div data-testid=\"columns\" class=\"V5AUxf\">\n<div id=\"comp-k9skz8sv1\" class=\"comp-k9skz8sv1 YzqVVZ wixui-column-strip__column\">\n<div id=\"bgLayers_comp-k9skz8sv1\" data-hook=\"bgLayers\" data-motion-part=\"BG_LAYER comp-k9skz8sv1\" class=\"MW5IWV\">\n<div data-testid=\"colorUnderlay\" class=\"LWbAav Kv1aVt\"><\/div>\n<div id=\"bgMedia_comp-k9skz8sv1\" data-motion-part=\"BG_MEDIA comp-k9skz8sv1\" class=\"VgO9Yg\"><\/div>\n<\/div>\n<div data-mesh-id=\"comp-k9skz8sv1inlineContent\" data-testid=\"inline-content\" class=\"\">\n<div data-mesh-id=\"comp-k9skz8sv1inlineContent-gridContainer\" data-testid=\"mesh-container-content\">\n<div id=\"comp-k9skz8sw3\" class=\"HcOXKn c9GqVL QxJLC3 lq2cno YQcXTT comp-k9skz8sw3 wixui-rich-text\" data-testid=\"richTextElement\">\n<h1 class=\"font_0 wixui-rich-text__text\" style=\"font-size: 60px;\">Datenschutz<\/h1>\n<p class=\"font_8 wixui-rich-text__text\" style=\"font-size: 15px;\">Die Betreiber dieser Seiten nehmen den Schutz Ihrer pers\u00f6nlichen Daten sehr ernst. Wir behandeln Ihre personenbezogenen Daten vertraulich und entsprechend der gesetzlichen Datenschutzvorschriften sowie dieser Datenschutzerkl\u00e4rung.<\/p>\n<p class=\"font_8 wixui-rich-text__text\" style=\"font-size: 15px;\">Die Nutzung unserer Webseite ist in der Regel ohne Angabe personenbezogener Daten m\u00f6glich. Soweit auf unseren Seiten personenbezogene Daten (beispielsweise Name, Anschrift oder E-Mail-Adressen) erhoben werden, erfolgt dies, soweit m\u00f6glich, stets auf freiwilliger Basis. Diese Daten werden ohne Ihre ausdr\u00fcckliche Zustimmung nicht an Dritte weitergegeben.<\/p>\n<p class=\"font_8 wixui-rich-text__text\" style=\"font-size: 15px;\">Wir weisen darauf hin, dass die Daten\u00fcbertragung im Internet (z.B. bei der Kommunikation per E-Mail) Sicherheitsl\u00fccken aufweisen kann. Ein l\u00fcckenloser Schutz der Daten vor dem Zugriff durch Dritte ist nicht m\u00f6glich.<\/p>\n<p class=\"font_8 wixui-rich-text__text\" style=\"font-size: 15px;\">Cookies<\/p>\n<p class=\"font_8 wixui-rich-text__text\" style=\"font-size: 15px;\">Die Internetseiten verwenden teilweise so genannte Cookies. Cookies richten auf Ihrem Rechner keinen Schaden an und enthalten keine Viren. Cookies dienen dazu, unser Angebot nutzerfreundlicher, effektiver und sicherer zu machen. Cookies sind kleine Textdateien, die auf Ihrem Rechner abgelegt werden und die Ihr Browser speichert.<\/p>\n<p class=\"font_8 wixui-rich-text__text\" style=\"font-size: 15px;\">Die meisten der von uns verwendeten Cookies sind so genannte \u201eSession-Cookies\u201c. Sie werden nach Ende Ihres Besuchs automatisch gel\u00f6scht. Andere Cookies bleiben auf Ihrem Endger\u00e4t gespeichert, bis Sie diese l\u00f6schen. Diese Cookies erm\u00f6glichen es uns, Ihren Browser beim n\u00e4chsten Besuch wiederzuerkennen.<\/p>\n<p class=\"font_8 wixui-rich-text__text\" style=\"font-size: 15px;\">Sie k\u00f6nnen Ihren Browser so einstellen, dass Sie \u00fcber das Setzen von Cookies informiert werden und Cookies nur im Einzelfall erlauben, die Annahme von Cookies f\u00fcr bestimmte F\u00e4lle oder generell ausschlie\u00dfen sowie das automatische L\u00f6schen der Cookies beim Schlie\u00dfen des Browser aktivieren. Bei der Deaktivierung von Cookies kann die Funktionalit\u00e4t dieser Website eingeschr\u00e4nkt sein.<\/p>\n<p class=\"font_8 wixui-rich-text__text\" style=\"font-size: 15px;\">Facebook-Plugins (Like-Button)<\/p>\n<p class=\"font_8 wixui-rich-text__text\" style=\"font-size: 15px;\">\n<p class=\"font_8 wixui-rich-text__text\" style=\"font-size: 15px;\">Auf unseren Seiten sind Plugins des sozialen Netzwerks Facebook, Anbieter Facebook Inc., 1 Hacker Way, Menlo Park, California 94025, USA, integriert. Die Facebook-Plugins erkennen Sie an dem Facebook-Logo oder dem \u201eLike-Button\u201c (\u201eGef\u00e4llt mir\u201c) auf unserer Seite. Eine \u00dcbersicht \u00fcber die Facebook-Plugins finden Sie hier: <span style=\"text-decoration: underline;\" class=\"wixui-rich-text__text\"><a href=\"http:\/\/developers.facebook.com\/docs\/plugins\/\" target=\"_blank\" rel=\"noreferrer noopener\" class=\"wixui-rich-text__text\">http:\/\/developers.facebook.com\/docs\/plugins\/<\/a><\/span>.<\/p>\n<p class=\"font_8 wixui-rich-text__text\" style=\"font-size: 15px;\">Wenn Sie unsere Seiten besuchen, wird \u00fcber das Plugin eine direkte Verbindung zwischen Ihrem Browser und dem Facebook-Server hergestellt. Facebook erh\u00e4lt dadurch die Information, dass Sie mit Ihrer IP-Adresse unsere Seite besucht haben. Wenn Sie den Facebook \u201eLike-Button\u201c anklicken w\u00e4hrend Sie in Ihrem Facebook-Account eingeloggt sind, k\u00f6nnen Sie die Inhalte unserer Seiten auf Ihrem Facebook-Profil verlinken. Dadurch kann Facebook den Besuch unserer Seiten Ihrem Benutzerkonto zuordnen. Wir weisen darauf hin, dass wir als Anbieter der Seiten keine Kenntnis vom Inhalt der \u00fcbermittelten Daten sowie deren Nutzung durch Facebook erhalten. Weitere Informationen hierzu finden Sie in der Datenschutzerkl\u00e4rung von Facebook unter <span style=\"text-decoration: underline;\" class=\"wixui-rich-text__text\"><a href=\"http:\/\/de-de.facebook.com\/policy.php\" target=\"_blank\" rel=\"noreferrer noopener\" class=\"wixui-rich-text__text\">http:\/\/de-de.facebook.com\/policy.php<\/a><\/span>.<\/p>\n<p class=\"font_8 wixui-rich-text__text\" style=\"font-size: 15px;\">Wenn Sie nicht w\u00fcnschen, dass Facebook den Besuch unserer Seiten Ihrem Facebook- Nutzerkonto zuordnen kann, loggen Sie sich bitte aus Ihrem Facebook-Benutzerkonto aus.<\/p>\n<p class=\"font_8 wixui-rich-text__text\" style=\"font-size: 15px;\">Kontaktformular<\/p>\n<p class=\"font_8 wixui-rich-text__text\" style=\"font-size: 15px;\">\n<p class=\"font_8 wixui-rich-text__text\" style=\"font-size: 15px;\">Wenn Sie uns per Kontaktformular Anfragen zukommen lassen, werden Ihre Angaben aus dem Anfrageformular inklusive der von Ihnen dort angegebenen Kontaktdaten zwecks Bearbeitung der Anfrage und f\u00fcr den Fall von Anschlussfragen bei uns gespeichert. Diese Daten geben wir nicht ohne Ihre Einwilligung weiter.<\/p>\n<p class=\"font_8 wixui-rich-text__text\" style=\"font-size: 15px;\">Auskunft, L\u00f6schung, Sperrung<\/p>\n<p class=\"font_8 wixui-rich-text__text\" style=\"font-size: 15px;\">\n<p class=\"font_8 wixui-rich-text__text\" style=\"font-size: 15px;\">Sie haben jederzeit das Recht auf unentgeltliche Auskunft \u00fcber Ihre gespeicherten personenbezogenen Daten, deren Herkunft und Empf\u00e4nger und den Zweck der Datenverarbeitung sowie ein Recht auf Berichtigung, Sperrung oder L\u00f6schung dieser Daten. Hierzu sowie zu weiteren Fragen zum Thema personenbezogene Daten k\u00f6nnen Sie sich jederzeit unter der im Impressum angegebenen Adresse an uns wenden.<\/p>\n<p class=\"font_8 wixui-rich-text__text\" style=\"font-size: 15px;\">Widerspruch Werbe-Mails<\/p>\n<p class=\"font_8 wixui-rich-text__text\" style=\"font-size: 15px;\">Der Nutzung von im Rahmen der Impressumspflicht ver\u00f6ffentlichten Kontaktdaten zur \u00dcbersendung von nicht ausdr\u00fccklich angeforderter Werbung und Informationsmaterialien wird hiermit widersprochen. Die Betreiber der Seiten behalten sich ausdr\u00fccklich rechtliche Schritte im Falle der unverlangten Zusendung von Werbeinformationen, etwa durch Spam-E-Mails, vor.<\/p>\n<p class=\"font_8 wixui-rich-text__text\" style=\"font-size: 15px;\">Quellverweis: <span style=\"text-decoration: underline;\" class=\"wixui-rich-text__text\"><a href=\"https:\/\/www.e-recht24.de\" target=\"_blank\" rel=\"noreferrer noopener\" class=\"wixui-rich-text__text\">eRecht24<\/a><\/span><\/p>\n<\/div>\n<\/div>\n<\/div>\n<\/div>\n<\/div>\n<p>[\/et_pb_text][\/et_pb_column][\/et_pb_row][\/et_pb_section][et_pb_section fb_built=&#8220;1&#8243; disabled_on=&#8220;on|on|on&#8220; _builder_version=&#8220;4.27.4&#8243; _module_preset=&#8220;default&#8220; disabled=&#8220;on&#8220; global_colors_info=&#8220;{}&#8220;][et_pb_row _builder_version=&#8220;4.27.4&#8243; _module_preset=&#8220;default&#8220; global_colors_info=&#8220;{}&#8220;][et_pb_column type=&#8220;4_4&#8243; _builder_version=&#8220;4.27.4&#8243; _module_preset=&#8220;default&#8220; global_colors_info=&#8220;{}&#8220;][et_pb_heading title=&#8220;Impressum&#8220; _builder_version=&#8220;4.27.4&#8243; _module_preset=&#8220;default&#8220; title_font=&#8220;|600|||||||&#8220; title_font_size=&#8220;50px&#8220; background_color=&#8220;RGBA(0,0,0,0.03)&#8220; custom_margin=&#8220;2px|-489px|-65px|-421px|false|false&#8220; custom_padding=&#8220;38px|22px|61px|416px|false|false&#8220; global_colors_info=&#8220;{}&#8220;][\/et_pb_heading][et_pb_icon font_icon=&#8220;&#xf45c;||fa||900&#8243; _builder_version=&#8220;4.27.4&#8243; _module_preset=&#8220;default&#8220; transform_scale=&#8220;276{c94ec2e16cc1700317c9b58aa1376c395a916a915f054a6828f4f4979fc18d7d}|12{c94ec2e16cc1700317c9b58aa1376c395a916a915f054a6828f4f4979fc18d7d}&#8220; transform_scale_linked=&#8220;off&#8220; transform_translate=&#8220;-149px|-400px&#8220; transform_translate_linked=&#8220;off&#8220; global_colors_info=&#8220;{}&#8220;][\/et_pb_icon][et_pb_text _builder_version=&#8220;4.27.4&#8243; _module_preset=&#8220;default&#8220; global_colors_info=&#8220;{}&#8220;]<\/p>\n<p class=\"font_8 wixui-rich-text__text\" style=\"font-size: 16px; line-height: 1.7em;\"><strong><span style=\"font-size: 16px;\" class=\"wixui-rich-text__text\">R. Kraus Bau GmbH<\/span><\/strong><\/p>\n<p class=\"font_8 wixui-rich-text__text\" style=\"font-size: 16px; line-height: 1.7em;\"><span style=\"font-size: 16px;\" class=\"wixui-rich-text__text\">Schachen 29 1\/4<\/span><\/p>\n<p class=\"font_8 wixui-rich-text__text\" style=\"font-size: 16px; line-height: 1.7em;\"><span style=\"font-size: 16px;\" class=\"wixui-rich-text__text\">87724 Ottobeuren<\/span><\/p>\n<p class=\"font_8 wixui-rich-text__text\" style=\"font-size: 16px; line-height: 1.7em;\"><span style=\"font-size: 16px;\" class=\"wixui-rich-text__text\"><span class=\"wixGuard wixui-rich-text__text\">\u200b<\/span><\/span><\/p>\n<p class=\"font_8 wixui-rich-text__text\" style=\"font-size: 15px;\"><span style=\"text-decoration: underline;\">Kontakt:<\/span><\/p>\n<p class=\"font_8 wixui-rich-text__text\" style=\"font-size: 15px;\">Telefon: +49 176 43671292<\/p>\n<p class=\"font_8 wixui-rich-text__text\" style=\"font-size: 15px;\">E-Mail:info@bauen-kraus.de<\/p>\n<p class=\"font_8 wixui-rich-text__text\" style=\"font-size: 15px;\"><a data-auto-recognition=\"true\" href=\"http:\/\/www.kraus-baggerarbeiten.de\" target=\"_blank\" class=\"wixui-rich-text__text\" rel=\"noopener\">www.bauen-kraus.de<\/a><\/p>\n<p class=\"font_8 wixui-rich-text__text\" style=\"font-size: 15px;\"><span class=\"wixGuard wixui-rich-text__text\">\u200b<\/span><\/p>\n<p>St-Nr. 13813650066<\/p>\n<p>USt-IdNr. DE368113262<\/p>\n<p>Handelsregister B Memmingen HRB21092<\/p>\n<p>Gerichtsstand &amp; Erf\u00fcllungsort: D-87700 Memmingen;<\/p>\n<p>Gesch\u00e4ftsf\u00fchrender Gesellschafter: Rico Kraus<\/p>\n<p>&nbsp;<\/p>\n<p>[\/et_pb_text][et_pb_text _builder_version=&#8220;4.27.4&#8243; _module_preset=&#8220;default&#8220; global_colors_info=&#8220;{}&#8220;]<\/p>\n<h2 class=\"font_2 wixui-rich-text__text\" style=\"font-size: 55px;\">Haftungsausschluss<\/h2>\n<h3 class=\"font_3 wixui-rich-text__text\" style=\"font-size: 40px;\">Haftung f\u00fcr Inhalte<\/h3>\n<p class=\"font_8 wixui-rich-text__text\" style=\"font-size: 15px;\">Die Inhalte unserer Seiten wurden mit gr\u00f6\u00dfter Sorgfalt erstellt. F\u00fcr die Richtigkeit, Vollst\u00e4ndigkeit und Aktualit\u00e4t der Inhalte k\u00f6nnen wir jedoch keine Gew\u00e4hr \u00fcbernehmen. Als Diensteanbieter sind wir gem\u00e4\u00df \u00a7 7 Abs.1 TMG f\u00fcr eigene Inhalte auf diesen Seiten nach den allgemeinen Gesetzen verantwortlich. Nach \u00a7\u00a7 8 bis 10 TMG sind wir als Diensteanbieter jedoch nicht verpflichtet, \u00fcbermittelte oder gespeicherte fremde Informationen zu \u00fcberwachen oder nach Umst\u00e4nden zu forschen, die auf eine rechtswidrige T\u00e4tigkeit hinweisen. Verpflichtungen zur Entfernung oder Sperrung der Nutzung von Informationen nach den allgemeinen Gesetzen bleiben hiervon unber\u00fchrt. Eine diesbez\u00fcgliche Haftung ist jedoch erst ab dem Zeitpunkt der Kenntnis einer konkreten Rechtsverletzung m\u00f6glich. Bei Bekanntwerden von entsprechenden Rechtsverletzungen werden wir diese Inhalte umgehend entfernen.<\/p>\n<h3 class=\"font_3 wixui-rich-text__text\" style=\"font-size: 40px;\">Haftung f\u00fcr Links<\/h3>\n<p class=\"font_8 wixui-rich-text__text\" style=\"font-size: 15px;\">Unser Angebot enth\u00e4lt Links zu externen Webseiten Dritter, auf deren Inhalte wir keinen Einfluss haben. Deshalb k\u00f6nnen wir f\u00fcr diese fremden Inhalte auch keine Gew\u00e4hr \u00fcbernehmen. F\u00fcr die Inhalte der verlinkten Seiten ist stets der jeweilige Anbieter oder Betreiber der Seiten verantwortlich. Die verlinkten Seiten wurden zum Zeitpunkt der Verlinkung auf m\u00f6gliche Rechtsverst\u00f6\u00dfe \u00fcberpr\u00fcft. Rechtswidrige Inhalte waren zum Zeitpunkt der Verlinkung nicht erkennbar. Eine permanente inhaltliche Kontrolle der verlinkten Seiten ist jedoch ohne konkrete Anhaltspunkte einer Rechtsverletzung nicht zumutbar. Bei Bekanntwerden von Rechtsverletzungen werden wir derartige Links umgehend entfernen.<\/p>\n<h3 class=\"font_3 wixui-rich-text__text\" style=\"font-size: 40px;\">Urheberrecht<\/h3>\n<p class=\"font_8 wixui-rich-text__text\" style=\"font-size: 15px;\">Die durch die Seitenbetreiber erstellten Inhalte und Werke auf diesen Seiten unterliegen dem deutschen Urheberrecht. Die Vervielf\u00e4ltigung, Bearbeitung, Verbreitung und jede Art der Verwertung au\u00dferhalb der Grenzen des Urheberrechtes bed\u00fcrfen der schriftlichen Zustimmung des jeweiligen Autors bzw. Erstellers. Downloads und Kopien dieser Seite sind nur f\u00fcr den privaten, nicht kommerziellen Gebrauch gestattet. Soweit die Inhalte auf dieser Seite nicht vom Betreiber erstellt wurden, werden die Urheberrechte Dritter beachtet. Insbesondere werden Inhalte Dritter als solche gekennzeichnet. Sollten Sie trotzdem auf eine Urheberrechtsverletzung aufmerksam werden, bitten wir um einen entsprechenden Hinweis. Bei Bekanntwerden von Rechtsverletzungen werden wir derartige Inhalte umgehend entfernen.<\/p>\n<h3 class=\"font_3 wixui-rich-text__text\" style=\"font-size: 40px;\">Streitschlichtung<\/h3>\n<p class=\"font_8 wixui-rich-text__text\" style=\"font-size: 15px;\">Die EU-Kommission hat eine Internetseite zur Online-Streitbeilegung zwischen Unternehmern und Verbrauchern (OS-Plattform) eingerichtet, die Sie unter <span style=\"text-decoration: underline;\" class=\"wixui-rich-text__text\"><a href=\"http:\/\/ec.europa.eu\/consumers\/odr\/\" target=\"_blank\" rel=\"noreferrer noopener\" class=\"wixui-rich-text__text\">http:\/\/ec.europa.eu\/consumers\/odr\/<\/a><\/span> erreichen.<\/p>\n<p class=\"font_8 wixui-rich-text__text\" style=\"font-size: 15px;\">Wir sind weder bereit noch verpflichtet, an Streitbeilegungsverfahren vor einer Verbraucherschlichtungsstelle teilzunehmen.<\/p>\n<p>[\/et_pb_text][\/et_pb_column][\/et_pb_row][\/et_pb_section][et_pb_section fb_built=&#8220;1&#8243; disabled_on=&#8220;on|on|on&#8220; _builder_version=&#8220;4.27.4&#8243; _module_preset=&#8220;default&#8220; background_color=&#8220;#FFFFFF&#8220; transform_translate_linked=&#8220;off&#8220; custom_margin=&#8220;-110px||-160px||false|false&#8220; custom_padding=&#8220;0px||0px||false|false&#8220; disabled=&#8220;on&#8220; global_colors_info=&#8220;{}&#8220;][et_pb_row module_id=&#8220;Leistungen&#8220; _builder_version=&#8220;4.27.4&#8243; _module_preset=&#8220;default&#8220; transform_translate=&#8220;0px|-115px&#8220; transform_translate_linked=&#8220;off&#8220; global_colors_info=&#8220;{}&#8220;][et_pb_column type=&#8220;4_4&#8243; _builder_version=&#8220;4.27.4&#8243; _module_preset=&#8220;default&#8220; global_colors_info=&#8220;{}&#8220;][et_pb_text _builder_version=&#8220;4.27.4&#8243; _module_preset=&#8220;default&#8220; header_font=&#8220;|600|||||||&#8220; header_font_size=&#8220;50px&#8220; global_colors_info=&#8220;{}&#8220;]<\/p>\n<h1>Unsere Leistungen<\/h1>\n<p>[\/et_pb_text][et_pb_icon font_icon=&#8220;&#xf45c;||fa||900&#8243; _builder_version=&#8220;4.27.4&#8243; _module_preset=&#8220;default&#8220; transform_scale=&#8220;267{c94ec2e16cc1700317c9b58aa1376c395a916a915f054a6828f4f4979fc18d7d}|15{c94ec2e16cc1700317c9b58aa1376c395a916a915f054a6828f4f4979fc18d7d}&#8220; transform_scale_linked=&#8220;off&#8220; transform_translate=&#8220;-155px|-350px&#8220; transform_translate_linked=&#8220;off&#8220; global_colors_info=&#8220;{}&#8220;][\/et_pb_icon][\/et_pb_column][\/et_pb_row][et_pb_row column_structure=&#8220;1_3,1_3,1_3&#8243; _builder_version=&#8220;4.27.4&#8243; _module_preset=&#8220;default&#8220; transform_translate=&#8220;0px|-220px&#8220; transform_translate_linked=&#8220;off&#8220; width=&#8220;86.9{c94ec2e16cc1700317c9b58aa1376c395a916a915f054a6828f4f4979fc18d7d}&#8220; global_colors_info=&#8220;{}&#8220;][et_pb_column type=&#8220;1_3&#8243; _builder_version=&#8220;4.27.4&#8243; _module_preset=&#8220;default&#8220; global_colors_info=&#8220;{}&#8220;][et_pb_image src=&#8220;https:\/\/eventstadl.de\/wp-content\/uploads\/2025\/01\/Baggerarbeiten.avif&#8220; title_text=&#8220;Baggerarbeiten&#8220; _builder_version=&#8220;4.27.4&#8243; _module_preset=&#8220;default&#8220; global_colors_info=&#8220;{}&#8220;][\/et_pb_image][et_pb_heading title=&#8220;Bagger- &#038; Erdarbeiten&#8220; _builder_version=&#8220;4.27.4&#8243; _module_preset=&#8220;default&#8220; title_font=&#8220;|600|||||||&#8220; title_text_color=&#8220;#136D37&#8243; title_font_size=&#8220;25px&#8220; background_color=&#8220;rgba(0,0,0,0.02)&#8220; custom_margin=&#8220;0px||||false|false&#8220; custom_padding=&#8220;15px|||15px|false|false&#8220; global_colors_info=&#8220;{}&#8220;][\/et_pb_heading][et_pb_text ul_position=&#8220;inside&#8220; _builder_version=&#8220;4.27.4&#8243; _module_preset=&#8220;default&#8220; background_color=&#8220;rgba(0,0,0,0.03)&#8220; custom_margin=&#8220;-30px||||false|false&#8220; custom_padding=&#8220;10px|15px|0px|15px|false|false&#8220; global_colors_info=&#8220;{}&#8220;]<\/p>\n<p>Von der Grube f\u00fcr einen kleinen Pool in Ihrem Garten, bis zur Baugrube f\u00fcr Ihr Eigenheim, f\u00fchren wir alle Baggerarbeiten f\u00fcr Sie aus. Auch den Einbau von Kies und Sand als Unterbau, sowie die Hinterf\u00fcllung Ihrer bebauten Baugrube f\u00fchren wir f\u00fcr Sie aus.<\/p>\n<ul>\n<li>Aushubarbeiten<\/li>\n<li>Baugruben<\/li>\n<li>Abbruch<\/li>\n<li>Hinterf\u00fcllungen<\/li>\n<li>Kellerwandfreilegung<\/li>\n<li>Unterbau f\u00fcr Pflasterfl\u00e4chen, etc.<\/li>\n<li>Gel\u00e4ndemodulation<\/li>\n<\/ul>\n<p>[\/et_pb_text][\/et_pb_column][et_pb_column type=&#8220;1_3&#8243; _builder_version=&#8220;4.27.4&#8243; _module_preset=&#8220;default&#8220; global_colors_info=&#8220;{}&#8220;][et_pb_image src=&#8220;https:\/\/eventstadl.de\/wp-content\/uploads\/2025\/01\/Hochbau.avif&#8220; title_text=&#8220;Hochbau&#8220; _builder_version=&#8220;4.27.4&#8243; _module_preset=&#8220;default&#8220; global_colors_info=&#8220;{}&#8220;][\/et_pb_image][et_pb_heading title=&#8220;Hochbau&#8220; _builder_version=&#8220;4.27.4&#8243; _module_preset=&#8220;default&#8220; title_font=&#8220;|600|||||||&#8220; title_text_color=&#8220;#136D37&#8243; title_font_size=&#8220;25px&#8220; background_color=&#8220;RGBA(0,0,0,0.02)&#8220; custom_margin=&#8220;|||0px|false|false&#8220; custom_padding=&#8220;15px||0px|15px|false|false&#8220; global_colors_info=&#8220;{}&#8220;][\/et_pb_heading][et_pb_text _builder_version=&#8220;4.27.4&#8243; _module_preset=&#8220;default&#8220; background_color=&#8220;rgba(0,0,0,0.02)&#8220; custom_margin=&#8220;-30px|0px||0px|false|false&#8220; custom_padding=&#8220;10px|15px|87px|15px|false|false&#8220; global_colors_info=&#8220;{}&#8220;]<\/p>\n<p>Als Meisterbetrieb im Hochbau bieten wir Ihnen die Erstellung von Fundamenten, Bodenplatten und St\u00fctzmauern an. Au\u00dferdem \u00fcbernehmen wir die Erstellung von Garagen und \u00e4hnlichen Bauwerken.<\/p>\n<p>&nbsp;<\/p>\n<ul>\n<li>Fundamente<\/li>\n<li>Bodenplatten<\/li>\n<li>Garagen<\/li>\n<li>St\u00fctzmauern<\/li>\n<\/ul>\n<p>[\/et_pb_text][\/et_pb_column][et_pb_column type=&#8220;1_3&#8243; _builder_version=&#8220;4.27.4&#8243; _module_preset=&#8220;default&#8220; global_colors_info=&#8220;{}&#8220;][et_pb_image src=&#8220;https:\/\/eventstadl.de\/wp-content\/uploads\/2025\/01\/Galabau-1.avif&#8220; title_text=&#8220;Galabau&#8220; _builder_version=&#8220;4.27.4&#8243; _module_preset=&#8220;default&#8220; global_colors_info=&#8220;{}&#8220;][\/et_pb_image][et_pb_heading title=&#8220;Galabau&#8220; _builder_version=&#8220;4.27.4&#8243; _module_preset=&#8220;default&#8220; title_font=&#8220;|600|||||||&#8220; title_text_color=&#8220;#136D37&#8243; title_font_size=&#8220;25px&#8220; background_color=&#8220;rgba(0,0,0,0.02)&#8220; custom_margin=&#8220;0px||0px|0px|false|false&#8220; custom_padding=&#8220;15px|||15px|false|false&#8220; global_colors_info=&#8220;{}&#8220;][\/et_pb_heading][et_pb_text _builder_version=&#8220;4.27.4&#8243; _module_preset=&#8220;default&#8220; background_color=&#8220;rgba(0,0,0,0.02)&#8220; custom_margin=&#8220;0px||0px||false|false&#8220; custom_padding=&#8220;10px|15px|129px|15px|false|false&#8220; global_colors_info=&#8220;{}&#8220;]<\/p>\n<div id=\"comp-ig97nh1r\" class=\"HcOXKn c9GqVL QxJLC3 lq2cno YQcXTT comp-ig97nh1r wixui-rich-text\" data-testid=\"richTextElement\">\n<p class=\"font_8 wixui-rich-text__text\" style=\"line-height: 1.6em; font-size: 15px;\">Wir sind Ihr Partner f\u00fcr die fachgerechte Umsetzung Ihrer Au\u00dfenanlage. Ob Neuanlage oder Umgestaltung, sprechen Sie uns an. Unsere Leistungen umfassen u.a.<\/p>\n<ul>\n<li class=\"font_8 wixui-rich-text__text\" style=\"line-height: 1.6em; font-size: 15px;\">Erstellen von Pflasterfl\u00e4chen<\/li>\n<li class=\"font_8 wixui-rich-text__text\" style=\"line-height: 1.6em; font-size: 15px;\">Bau von Terassen jeglicher Art<\/li>\n<li class=\"font_8 wixui-rich-text__text\" style=\"line-height: 1.6em; font-size: 15px;\">Poolbau<\/li>\n<li class=\"font_8 wixui-rich-text__text\" style=\"line-height: 1.6em; font-size: 15px;\">Mauerwerksbau<\/li>\n<\/ul>\n<\/div>\n<p>[\/et_pb_text][\/et_pb_column][\/et_pb_row][et_pb_row column_structure=&#8220;1_3,1_3,1_3&#8243; _builder_version=&#8220;4.27.4&#8243; _module_preset=&#8220;default&#8220; transform_translate=&#8220;0px|-190px&#8220; transform_translate_linked=&#8220;off&#8220; global_colors_info=&#8220;{}&#8220;][et_pb_column type=&#8220;1_3&#8243; _builder_version=&#8220;4.27.4&#8243; _module_preset=&#8220;default&#8220; global_colors_info=&#8220;{}&#8220;][et_pb_image src=&#8220;https:\/\/eventstadl.de\/wp-content\/uploads\/2025\/01\/WhatsApp-Image-2025-01-19-at-13.52.54.jpeg.png&#8220; title_text=&#8220;WhatsApp Image 2025-01-19 at 13.52.54.jpeg&#8220; _builder_version=&#8220;4.27.4&#8243; _module_preset=&#8220;default&#8220; global_colors_info=&#8220;{}&#8220;][\/et_pb_image][et_pb_heading title=&#8220;Fundamente&#8220; _builder_version=&#8220;4.27.4&#8243; _module_preset=&#8220;default&#8220; title_font=&#8220;|600|||||||&#8220; title_text_color=&#8220;#136D37&#8243; background_color=&#8220;RGBA(0,0,0,0.03)&#8220; custom_padding=&#8220;15px|||15px|false|false&#8220; global_colors_info=&#8220;{}&#8220;][\/et_pb_heading][et_pb_text _builder_version=&#8220;4.27.4&#8243; _module_preset=&#8220;default&#8220; background_color=&#8220;RGBA(0,0,0,0.03)&#8220; custom_margin=&#8220;-30px||||false|false&#8220; custom_padding=&#8220;10px|15px|18px|15px|false|false&#8220; border_color_all=&#8220;rgba(0,0,0,0.13)&#8220; global_colors_info=&#8220;{}&#8220;]<\/p>\n<p>Neben Aushubarbeiten bieten wir Ihnen die komplette Erstellung Ihrer Fundamente an. Von der Bodenplatte bis zum Streifenfundament bieten wir Ihnen alle Arten von Flachgr\u00fcndungen an. Dank unserer leichten Schalung aus Kunstoff k\u00f6nnen wir alle Schalarbeiten ohne Kran schnell und effizient erledigen.<\/p>\n<p>&nbsp;<\/p>\n<ul>\n<li>Bodenplatten<\/li>\n<li>Streifenfundamente<\/li>\n<li>Punktfundamente<\/li>\n<li>Fundamente f\u00fcr Fertiggaragen<\/li>\n<\/ul>\n<p>[\/et_pb_text][\/et_pb_column][et_pb_column type=&#8220;1_3&#8243; _builder_version=&#8220;4.27.4&#8243; _module_preset=&#8220;default&#8220; global_colors_info=&#8220;{}&#8220;][et_pb_image src=&#8220;https:\/\/eventstadl.de\/wp-content\/uploads\/2025\/01\/WhatsApp-Image-2025-01-19-at-13.52.png&#8220; title_text=&#8220;WhatsApp Image 2025-01-19 at 13.52&#8243; _builder_version=&#8220;4.27.4&#8243; _module_preset=&#8220;default&#8220; global_colors_info=&#8220;{}&#8220;][\/et_pb_image][et_pb_heading title=&#8220;Pflasterarbeiten&#8220; _builder_version=&#8220;4.27.4&#8243; _module_preset=&#8220;default&#8220; title_font=&#8220;|600|||||||&#8220; title_text_color=&#8220;#136D37&#8243; background_color=&#8220;RGBA(0,0,0,0.03)&#8220; custom_padding=&#8220;15px|||15px|false|false&#8220; global_colors_info=&#8220;{}&#8220;][\/et_pb_heading][et_pb_text _builder_version=&#8220;4.27.4&#8243; _module_preset=&#8220;default&#8220; background_color=&#8220;RGBA(0,0,0,0.03)&#8220; custom_margin=&#8220;-30px||||false|false&#8220; custom_padding=&#8220;10px|15px||15px|false|false&#8220; global_colors_info=&#8220;{}&#8220;]<\/p>\n<p class=\"font_8 wixui-rich-text__text\" style=\"line-height: 1.6em; font-size: 15px;\"><span style=\"letter-spacing: normal;\" class=\"wixui-rich-text__text\">Pflasterfl\u00e4chen bieten eine vielf\u00e4ltige und kreative M\u00f6glichkeit, den Hof, die Terasse oder Gartenwege zu gestalten. Auch gr\u00f6\u00dfere Fl\u00e4chen wie Gewerbeanlagen oder Parkpl\u00e4tze f\u00fchren wir f\u00fcr Sie aus. Entscheidend f\u00fcr eine hohe Langlebigkeit des Pflasteraufbaus ist der richtige Unterbau. Gerne beraten wir sie dahingehend und bieten alles als Komplettleistung an.<\/span><\/p>\n<p class=\"font_8 wixui-rich-text__text\" style=\"line-height: 1.6em; font-size: 15px;\"><span style=\"letter-spacing: normal;\" class=\"wixui-rich-text__text\"><\/span><\/p>\n<ul>\n<li class=\"font_8 wixui-rich-text__text\" style=\"line-height: 1.6em; font-size: 15px;\"><span style=\"letter-spacing: normal;\" class=\"wixui-rich-text__text\">Hofeinfahrten<\/span><\/li>\n<li class=\"font_8 wixui-rich-text__text\" style=\"line-height: 1.6em; font-size: 15px;\"><span style=\"letter-spacing: normal;\" class=\"wixui-rich-text__text\">Terassen<\/span><\/li>\n<li class=\"font_8 wixui-rich-text__text\" style=\"line-height: 1.6em; font-size: 15px;\"><span style=\"letter-spacing: normal;\" class=\"wixui-rich-text__text\">Gartenwege<\/span><\/li>\n<li class=\"font_8 wixui-rich-text__text\" style=\"line-height: 1.6em; font-size: 15px;\"><span style=\"letter-spacing: normal;\" class=\"wixui-rich-text__text\">Parkpl\u00e4tze<\/span><\/li>\n<\/ul>\n<p>[\/et_pb_text][\/et_pb_column][et_pb_column type=&#8220;1_3&#8243; _builder_version=&#8220;4.27.4&#8243; _module_preset=&#8220;default&#8220; global_colors_info=&#8220;{}&#8220;][et_pb_image src=&#8220;https:\/\/eventstadl.de\/wp-content\/uploads\/2025\/01\/WhatsApp-Image-2025-01-19-at-13.png&#8220; title_text=&#8220;WhatsApp Image 2025-01-19 at 13.&#8220; _builder_version=&#8220;4.27.4&#8243; _module_preset=&#8220;default&#8220; global_colors_info=&#8220;{}&#8220;][\/et_pb_image][et_pb_heading title=&#8220;Entw\u00e4sserungsarbeiten&#8220; _builder_version=&#8220;4.27.4&#8243; _module_preset=&#8220;default&#8220; title_font=&#8220;|600|||||||&#8220; title_text_color=&#8220;#136D37&#8243; background_color=&#8220;RGBA(0,0,0,0.03)&#8220; custom_padding=&#8220;15px|||15px|false|false&#8220; global_colors_info=&#8220;{}&#8220;][\/et_pb_heading][et_pb_text _builder_version=&#8220;4.27.4&#8243; _module_preset=&#8220;default&#8220; background_color=&#8220;RGBA(0,0,0,0.03)&#8220; custom_margin=&#8220;-30px||||false|false&#8220; custom_padding=&#8220;10px|15px|38px|15px|false|false&#8220; global_colors_info=&#8220;{}&#8220;]<\/p>\n<p>Wir \u00fcbernehmen alle kanalarbeiten der Kategorie 1 auf Ihrem Grundst\u00fcck. Von der Verlegung von Schmutz- &amp; Regenwasserrohren bis zur Erstellung von Drainagen und Versickerungsanlagen sind wir der richtige Partner.<\/p>\n<p>&nbsp;<\/p>\n<ul>\n<li>Regenwasser<\/li>\n<li>Schmutzwasser<\/li>\n<li>Drainagen<\/li>\n<li>Zisternen<\/li>\n<li>Revisionssch\u00e4chte<\/li>\n<\/ul>\n<p>[\/et_pb_text][\/et_pb_column][\/et_pb_row][\/et_pb_section][et_pb_section fb_built=&#8220;1&#8243; specialty=&#8220;on&#8220; padding_right_2=&#8220;57px&#8220; padding_top_bottom_link_2=&#8220;false&#8220; padding_left_right_link_2=&#8220;false&#8220; disabled_on=&#8220;on|on|on&#8220; _builder_version=&#8220;4.27.4&#8243; _module_preset=&#8220;default&#8220; background_color=&#8220;#FFFFFF&#8220; width=&#8220;72{c94ec2e16cc1700317c9b58aa1376c395a916a915f054a6828f4f4979fc18d7d}&#8220; inner_width=&#8220;100{c94ec2e16cc1700317c9b58aa1376c395a916a915f054a6828f4f4979fc18d7d}&#8220; custom_margin=&#8220;|-3px||||&#8220; custom_padding=&#8220;|0px||297px|false|false&#8220; disabled=&#8220;on&#8220; collapsed=&#8220;off&#8220; global_colors_info=&#8220;{}&#8220;][et_pb_column type=&#8220;1_2&#8243; specialty_columns=&#8220;2&#8243; _builder_version=&#8220;4.16&#8243; custom_padding=&#8220;|||&#8220; global_colors_info=&#8220;{}&#8220; custom_padding__hover=&#8220;|||&#8220;][et_pb_row_inner _builder_version=&#8220;4.27.4&#8243; _module_preset=&#8220;default&#8220; custom_margin=&#8220;-115px||||false|false&#8220; global_colors_info=&#8220;{}&#8220;][et_pb_column_inner saved_specialty_column_type=&#8220;1_2&#8243; _builder_version=&#8220;4.27.4&#8243; _module_preset=&#8220;default&#8220; global_colors_info=&#8220;{}&#8220;][et_pb_heading title=&#8220;\u00dcber Uns&#8220; admin_label=&#8220;\u00dcberschrift H1&#8243; _builder_version=&#8220;4.27.4&#8243; _module_preset=&#8220;default&#8220; title_font=&#8220;|600|||||||&#8220; title_font_size=&#8220;50px&#8220; global_colors_info=&#8220;{}&#8220;][\/et_pb_heading][et_pb_icon font_icon=&#8220;&#xf45c;||fa||900&#8243; icon_width=&#8220;149px&#8220; align=&#8220;left&#8220; _builder_version=&#8220;4.27.4&#8243; _module_preset=&#8220;default&#8220; transform_scale=&#8220;94{c94ec2e16cc1700317c9b58aa1376c395a916a915f054a6828f4f4979fc18d7d}|10{c94ec2e16cc1700317c9b58aa1376c395a916a915f054a6828f4f4979fc18d7d}&#8220; transform_scale_linked=&#8220;off&#8220; custom_margin=&#8220;-100px|0px|-60px|-19px|false|false&#8220; custom_padding=&#8220;20px|152px|20px|7px|false|false&#8220; global_colors_info=&#8220;{}&#8220;][\/et_pb_icon][et_pb_heading title=&#8220;Das sind wir&#8230;&#8220; _builder_version=&#8220;4.27.4&#8243; _module_preset=&#8220;default&#8220; global_colors_info=&#8220;{}&#8220;][\/et_pb_heading][\/et_pb_column_inner][\/et_pb_row_inner][et_pb_row_inner column_structure=&#8220;1_2,1_2&#8243; _builder_version=&#8220;4.27.4&#8243; _module_preset=&#8220;default&#8220; global_colors_info=&#8220;{}&#8220;][et_pb_column_inner type=&#8220;1_2&#8243; saved_specialty_column_type=&#8220;1_2&#8243; _builder_version=&#8220;4.27.4&#8243; _module_preset=&#8220;default&#8220; global_colors_info=&#8220;{}&#8220;][et_pb_image src=&#8220;https:\/\/eventstadl.de\/wp-content\/uploads\/2025\/01\/bd5eb2_2b2fd45cf2504121974ce4e188831155mv2.avif&#8220; title_text=&#8220;bd5eb2_2b2fd45cf2504121974ce4e188831155~mv2&#8243; force_fullwidth=&#8220;on&#8220; _builder_version=&#8220;4.27.4&#8243; _module_preset=&#8220;default&#8220; transform_scale=&#8220;178{c94ec2e16cc1700317c9b58aa1376c395a916a915f054a6828f4f4979fc18d7d}|178{c94ec2e16cc1700317c9b58aa1376c395a916a915f054a6828f4f4979fc18d7d}&#8220; transform_translate=&#8220;50px|47px&#8220; transform_translate_linked=&#8220;off&#8220; global_colors_info=&#8220;{}&#8220;][\/et_pb_image][\/et_pb_column_inner][et_pb_column_inner type=&#8220;1_2&#8243; saved_specialty_column_type=&#8220;1_2&#8243; _builder_version=&#8220;4.27.4&#8243; _module_preset=&#8220;default&#8220; global_colors_info=&#8220;{}&#8220;][et_pb_text _builder_version=&#8220;4.27.4&#8243; _module_preset=&#8220;default&#8220; header_font=&#8220;|600|||||||&#8220; header_text_color=&#8220;#136D37&#8243; header_font_size=&#8220;47px&#8220; transform_translate=&#8220;142px|-8px&#8220; transform_translate_linked=&#8220;off&#8220; width=&#8220;300{c94ec2e16cc1700317c9b58aa1376c395a916a915f054a6828f4f4979fc18d7d}&#8220; custom_padding=&#8220;|53px|||false|false&#8220; global_colors_info=&#8220;{}&#8220;]<\/p>\n<p class=\"font_8 wixui-rich-text__text\" style=\"font-size: 15px;\"><strong><span style=\"font-family: avenir-lt-w01_35-light1475496,avenir-lt-w05_35-light,sans-serif;\" class=\"wixui-rich-text__text\">Das sind wir&#8230;<\/span><\/strong><span style=\"font-family: avenir-lt-w01_35-light1475496,avenir-lt-w05_35-light,sans-serif;\" class=\"wixui-rich-text__text\"><\/span><\/p>\n<p class=\"font_8 wixui-rich-text__text\" style=\"font-size: 15px;\"><span style=\"font-family: avenir-lt-w01_35-light1475496,avenir-lt-w05_35-light,sans-serif;\" class=\"wixui-rich-text__text\">&#8230;Vater und Sohn. Oli und Rico Kraus.<\/span><\/p>\n<p class=\"font_8 wixui-rich-text__text\" style=\"font-size: 15px;\"><span style=\"font-family: avenir-lt-w01_35-light1475496,avenir-lt-w05_35-light,sans-serif;\" class=\"wixui-rich-text__text\">Unsere gro\u00dfe Leidenschaft ist der Bau und alles was mit ihm in Kontakt steht. W\u00e4hrend mein Vater sich sein handwerkliches Geschick \u00fcber die letzten 10 Jahre beim Umbau eines Bauerhofes aneignete, entschloss ich mich nach meinem Abitur zu einer Ausbildung auf dem Bau und sammelte hier mein Wissen. Jetzt verwirklichen wir uns unseren gemeinsamen Traum und f\u00fchren f\u00fcr Sie ein breites Spektrum an Arbeiten im Bereich Gartenlandschaftsbau, Baggerarbeiten und Hochbau aus. Durch unseren eigenen, breit gef\u00e4cherten Maschinenpark sind wir jeder Herausforderung gewachsen und freuen uns, auch bald f\u00fcr Sie t\u00e4tig werden zu d\u00fcrfen. \u00a0<\/span><\/p>\n<p class=\"font_8 wixui-rich-text__text\" style=\"font-size: 15px;\"><span style=\"font-family: avenir-lt-w01_35-light1475496,avenir-lt-w05_35-light,sans-serif;\" class=\"wixui-rich-text__text\"><span class=\"wixGuard wixui-rich-text__text\">\u200b<\/span><\/span><\/p>\n<p class=\"font_8 wixui-rich-text__text\" style=\"font-size: 15px;\"><span style=\"font-family: avenir-lt-w01_35-light1475496,avenir-lt-w05_35-light,sans-serif;\" class=\"wixui-rich-text__text\">F\u00fcr Anfragen nutzen Sie gerne das <span style=\"text-decoration: underline;\" class=\"wixui-rich-text__text\"><a href=\"https:\/\/www.kraus-baggerarbeiten.de\" target=\"_self\" data-anchor-comp-id=\"comp-iggq361j\" data-anchor=\"dataItem-iggq361j1\" class=\"wixui-rich-text__text\">Kontaktformular <\/a><\/span>oder rufen Sie mich einfach direkt unter der <span style=\"text-decoration: underline;\" class=\"wixui-rich-text__text\"><a href=\"tel:017643671292\" class=\"wixui-rich-text__text\">017643671292<\/a><\/span> an. \u00a0<\/span><\/p>\n<p class=\"font_8 wixui-rich-text__text\" style=\"font-size: 15px;\"><span style=\"font-family: avenir-lt-w01_35-light1475496,avenir-lt-w05_35-light,sans-serif;\" class=\"wixui-rich-text__text\">Rico Kraus\u00a0<\/span><\/p>\n<p>[\/et_pb_text][\/et_pb_column_inner][\/et_pb_row_inner][\/et_pb_column][et_pb_column type=&#8220;1_2&#8243; _builder_version=&#8220;4.16&#8243; custom_padding=&#8220;|||&#8220; global_colors_info=&#8220;{}&#8220; custom_padding__hover=&#8220;|||&#8220;][\/et_pb_column][\/et_pb_section][et_pb_section fb_built=&#8220;1&#8243; disabled_on=&#8220;on|on|on&#8220; _builder_version=&#8220;4.27.4&#8243; _module_preset=&#8220;default&#8220; disabled=&#8220;on&#8220; global_colors_info=&#8220;{}&#8220;][et_pb_row disabled_on=&#8220;off|off|on&#8220; _builder_version=&#8220;4.27.4&#8243; _module_preset=&#8220;default&#8220; custom_margin=&#8220;-128px||||false|false&#8220; global_colors_info=&#8220;{}&#8220;][et_pb_column type=&#8220;4_4&#8243; _builder_version=&#8220;4.27.4&#8243; _module_preset=&#8220;default&#8220; global_colors_info=&#8220;{}&#8220;][et_pb_heading title=&#8220;\u00dcber Uns&#8220; _builder_version=&#8220;4.27.4&#8243; _module_preset=&#8220;default&#8220; global_colors_info=&#8220;{}&#8220;][\/et_pb_heading][et_pb_text disabled_on=&#8220;off|off|on&#8220; _builder_version=&#8220;4.27.4&#8243; _module_preset=&#8220;default&#8220; global_colors_info=&#8220;{}&#8220;]<\/p>\n<p class=\"font_8 wixui-rich-text__text\" style=\"font-size: 15px;\"><strong><span style=\"font-family: avenir-lt-w01_35-light1475496,avenir-lt-w05_35-light,sans-serif;\" class=\"wixui-rich-text__text\">Das sind wir&#8230;<\/span><\/strong><span style=\"font-family: avenir-lt-w01_35-light1475496,avenir-lt-w05_35-light,sans-serif;\" class=\"wixui-rich-text__text\"><\/span><\/p>\n<p class=\"font_8 wixui-rich-text__text\" style=\"font-size: 15px;\"><span style=\"font-family: avenir-lt-w01_35-light1475496,avenir-lt-w05_35-light,sans-serif;\" class=\"wixui-rich-text__text\">&#8230;Vater und Sohn. Oli und Rico Kraus.<\/span><\/p>\n<p class=\"font_8 wixui-rich-text__text\" style=\"font-size: 15px;\"><span style=\"font-family: avenir-lt-w01_35-light1475496,avenir-lt-w05_35-light,sans-serif;\" class=\"wixui-rich-text__text\">Unsere gro\u00dfe Leidenschaft ist der Bau und alles was mit ihm in Kontakt steht. W\u00e4hrend mein Vater sich sein handwerkliches Geschick \u00fcber die letzten 10 Jahre beim Umbau eines Bauerhofes aneignete, entschloss ich mich nach meinem Abitur zu einer Ausbildung auf dem Bau und sammelte hier mein Wissen. Jetzt verwirklichen wir uns unseren gemeinsamen Traum und f\u00fchren f\u00fcr Sie ein breites Spektrum an Arbeiten im Bereich Gartenlandschaftsbau, Baggerarbeiten und Hochbau aus. Durch unseren eigenen, breit gef\u00e4cherten Maschinenpark sind wir jeder Herausforderung gewachsen und freuen uns, auch bald f\u00fcr Sie t\u00e4tig werden zu d\u00fcrfen. \u00a0<\/span><\/p>\n<p class=\"font_8 wixui-rich-text__text\" style=\"font-size: 15px;\"><span style=\"font-family: avenir-lt-w01_35-light1475496,avenir-lt-w05_35-light,sans-serif;\" class=\"wixui-rich-text__text\"><span class=\"wixGuard wixui-rich-text__text\">\u200b<\/span><\/span><\/p>\n<p class=\"font_8 wixui-rich-text__text\" style=\"font-size: 15px;\"><span style=\"font-family: avenir-lt-w01_35-light1475496,avenir-lt-w05_35-light,sans-serif;\" class=\"wixui-rich-text__text\">F\u00fcr Anfragen nutzen Sie gerne das <span style=\"text-decoration: underline;\" class=\"wixui-rich-text__text\"><a href=\"https:\/\/www.kraus-baggerarbeiten.de\" target=\"_self\" data-anchor-comp-id=\"comp-iggq361j\" data-anchor=\"dataItem-iggq361j1\" class=\"wixui-rich-text__text\">Kontaktformular <\/a><\/span>oder rufen Sie mich einfach direkt unter der <span style=\"text-decoration: underline;\" class=\"wixui-rich-text__text\"><a href=\"tel:017643671292\" class=\"wixui-rich-text__text\">017643671292<\/a><\/span> an. \u00a0<\/span><\/p>\n<p class=\"font_8 wixui-rich-text__text\" style=\"font-size: 15px;\"><span style=\"font-family: avenir-lt-w01_35-light1475496,avenir-lt-w05_35-light,sans-serif;\" class=\"wixui-rich-text__text\">Rico Kraus\u00a0<\/span><\/p>\n<p>[\/et_pb_text][\/et_pb_column][\/et_pb_row][\/et_pb_section][et_pb_section fb_built=&#8220;1&#8243; disabled_on=&#8220;on|on|on&#8220; _builder_version=&#8220;4.27.4&#8243; _module_preset=&#8220;default&#8220; disabled=&#8220;on&#8220; global_colors_info=&#8220;{}&#8220;][et_pb_row _builder_version=&#8220;4.27.4&#8243; _module_preset=&#8220;default&#8220; custom_margin=&#8220;-100px||||false|false&#8220; global_colors_info=&#8220;{}&#8220;][et_pb_column type=&#8220;4_4&#8243; _builder_version=&#8220;4.27.4&#8243; _module_preset=&#8220;default&#8220; global_colors_info=&#8220;{}&#8220;][et_pb_heading title=&#8220;Kontakt&#8220; module_id=&#8220;Kontakt&#8220; _builder_version=&#8220;4.27.4&#8243; _module_preset=&#8220;default&#8220; title_font=&#8220;|600|||||||&#8220; title_text_align=&#8220;center&#8220; title_font_size=&#8220;70px&#8220; global_colors_info=&#8220;{}&#8220;][\/et_pb_heading][et_pb_icon font_icon=&#8220;&#xf45c;||fa||900&#8243; _builder_version=&#8220;4.27.4&#8243; _module_preset=&#8220;default&#8220; transform_scale=&#8220;158{c94ec2e16cc1700317c9b58aa1376c395a916a915f054a6828f4f4979fc18d7d}|10{c94ec2e16cc1700317c9b58aa1376c395a916a915f054a6828f4f4979fc18d7d}&#8220; transform_scale_linked=&#8220;off&#8220; custom_margin=&#8220;-57px||||false|false&#8220; global_colors_info=&#8220;{}&#8220;][\/et_pb_icon][\/et_pb_column][\/et_pb_row][et_pb_row column_structure=&#8220;1_2,1_2&#8243; _builder_version=&#8220;4.27.4&#8243; _module_preset=&#8220;default&#8220; custom_margin=&#8220;|auto|-645px|auto|false|false&#8220; custom_padding=&#8220;||0px||false|false&#8220; global_colors_info=&#8220;{}&#8220;][et_pb_column type=&#8220;1_2&#8243; _builder_version=&#8220;4.27.4&#8243; _module_preset=&#8220;default&#8220; global_colors_info=&#8220;{}&#8220;][et_pb_heading title=&#8220;Fragen&#8220; _builder_version=&#8220;4.27.4&#8243; _module_preset=&#8220;default&#8220; global_colors_info=&#8220;{}&#8220;][\/et_pb_heading][et_pb_text _builder_version=&#8220;4.27.4&#8243; _module_preset=&#8220;default&#8220; global_colors_info=&#8220;{}&#8220;]<\/p>\n<p><span style=\"letter-spacing: normal;\" class=\"wixui-rich-text__text\">F\u00fcr Fragen rufen Sie uns unter +49 176 43671292 an oder f\u00fcllen Sie das Kontaktformular aus.<\/span><\/p>\n<p>[\/et_pb_text][et_pb_contact_form captcha=&#8220;off&#8220; email=&#8220;info@bauen-kraus.de&#8220; title=&#8220;Kontaktformlar&#8220; success_message=&#8220;Ihre Nachricht wurde gesendet!&#8220; _builder_version=&#8220;4.27.4&#8243; _module_preset=&#8220;default&#8220; _unique_id=&#8220;02a0b77f-fd9e-4c0e-90e1-250ba89b1023&#8243; global_colors_info=&#8220;{}&#8220;][et_pb_contact_field field_id=&#8220;Vorame&#8220; field_title=&#8220;Vorname&#8220; required_mark=&#8220;off&#8220; _builder_version=&#8220;4.27.4&#8243; global_colors_info=&#8220;{}&#8220; button_text_size__hover_enabled=&#8220;off&#8220; button_one_text_size__hover_enabled=&#8220;off&#8220; button_two_text_size__hover_enabled=&#8220;off&#8220; button_text_color__hover_enabled=&#8220;off&#8220; button_one_text_color__hover_enabled=&#8220;off&#8220; button_two_text_color__hover_enabled=&#8220;off&#8220; button_border_width__hover_enabled=&#8220;off&#8220; button_one_border_width__hover_enabled=&#8220;off&#8220; button_two_border_width__hover_enabled=&#8220;off&#8220; button_border_color__hover_enabled=&#8220;off&#8220; button_one_border_color__hover_enabled=&#8220;off&#8220; button_two_border_color__hover_enabled=&#8220;off&#8220; button_border_radius__hover_enabled=&#8220;off&#8220; button_one_border_radius__hover_enabled=&#8220;off&#8220; button_two_border_radius__hover_enabled=&#8220;off&#8220; button_letter_spacing__hover_enabled=&#8220;off&#8220; button_one_letter_spacing__hover_enabled=&#8220;off&#8220; button_two_letter_spacing__hover_enabled=&#8220;off&#8220; button_bg_color__hover_enabled=&#8220;off&#8220; button_one_bg_color__hover_enabled=&#8220;off&#8220; button_two_bg_color__hover_enabled=&#8220;off&#8220;][\/et_pb_contact_field][et_pb_contact_field field_id=&#8220;Nachname&#8220; field_title=&#8220;Nachname&#8220; _builder_version=&#8220;4.27.4&#8243; global_colors_info=&#8220;{}&#8220; button_text_size__hover_enabled=&#8220;off&#8220; button_one_text_size__hover_enabled=&#8220;off&#8220; button_two_text_size__hover_enabled=&#8220;off&#8220; button_text_color__hover_enabled=&#8220;off&#8220; button_one_text_color__hover_enabled=&#8220;off&#8220; button_two_text_color__hover_enabled=&#8220;off&#8220; button_border_width__hover_enabled=&#8220;off&#8220; button_one_border_width__hover_enabled=&#8220;off&#8220; button_two_border_width__hover_enabled=&#8220;off&#8220; button_border_color__hover_enabled=&#8220;off&#8220; button_one_border_color__hover_enabled=&#8220;off&#8220; button_two_border_color__hover_enabled=&#8220;off&#8220; button_border_radius__hover_enabled=&#8220;off&#8220; button_one_border_radius__hover_enabled=&#8220;off&#8220; button_two_border_radius__hover_enabled=&#8220;off&#8220; button_letter_spacing__hover_enabled=&#8220;off&#8220; button_one_letter_spacing__hover_enabled=&#8220;off&#8220; button_two_letter_spacing__hover_enabled=&#8220;off&#8220; button_bg_color__hover_enabled=&#8220;off&#8220; button_one_bg_color__hover_enabled=&#8220;off&#8220; button_two_bg_color__hover_enabled=&#8220;off&#8220;][\/et_pb_contact_field][et_pb_contact_field field_id=&#8220;Email&#8220; field_title=&#8220;E-Mail-Adresse&#8220; field_type=&#8220;email&#8220; _builder_version=&#8220;4.27.4&#8243; global_colors_info=&#8220;{}&#8220; button_text_size__hover_enabled=&#8220;off&#8220; button_one_text_size__hover_enabled=&#8220;off&#8220; button_two_text_size__hover_enabled=&#8220;off&#8220; button_text_color__hover_enabled=&#8220;off&#8220; button_one_text_color__hover_enabled=&#8220;off&#8220; button_two_text_color__hover_enabled=&#8220;off&#8220; button_border_width__hover_enabled=&#8220;off&#8220; button_one_border_width__hover_enabled=&#8220;off&#8220; button_two_border_width__hover_enabled=&#8220;off&#8220; button_border_color__hover_enabled=&#8220;off&#8220; button_one_border_color__hover_enabled=&#8220;off&#8220; button_two_border_color__hover_enabled=&#8220;off&#8220; button_border_radius__hover_enabled=&#8220;off&#8220; button_one_border_radius__hover_enabled=&#8220;off&#8220; button_two_border_radius__hover_enabled=&#8220;off&#8220; button_letter_spacing__hover_enabled=&#8220;off&#8220; button_one_letter_spacing__hover_enabled=&#8220;off&#8220; button_two_letter_spacing__hover_enabled=&#8220;off&#8220; button_bg_color__hover_enabled=&#8220;off&#8220; button_one_bg_color__hover_enabled=&#8220;off&#8220; button_two_bg_color__hover_enabled=&#8220;off&#8220;][\/et_pb_contact_field][et_pb_contact_field field_id=&#8220;Message&#8220; field_title=&#8220;Nachricht&#8220; field_type=&#8220;text&#8220; fullwidth_field=&#8220;on&#8220; _builder_version=&#8220;4.27.4&#8243; global_colors_info=&#8220;{}&#8220; button_text_size__hover_enabled=&#8220;off&#8220; button_one_text_size__hover_enabled=&#8220;off&#8220; button_two_text_size__hover_enabled=&#8220;off&#8220; button_text_color__hover_enabled=&#8220;off&#8220; button_one_text_color__hover_enabled=&#8220;off&#8220; button_two_text_color__hover_enabled=&#8220;off&#8220; button_border_width__hover_enabled=&#8220;off&#8220; button_one_border_width__hover_enabled=&#8220;off&#8220; button_two_border_width__hover_enabled=&#8220;off&#8220; button_border_color__hover_enabled=&#8220;off&#8220; button_one_border_color__hover_enabled=&#8220;off&#8220; button_two_border_color__hover_enabled=&#8220;off&#8220; button_border_radius__hover_enabled=&#8220;off&#8220; button_one_border_radius__hover_enabled=&#8220;off&#8220; button_two_border_radius__hover_enabled=&#8220;off&#8220; button_letter_spacing__hover_enabled=&#8220;off&#8220; button_one_letter_spacing__hover_enabled=&#8220;off&#8220; button_two_letter_spacing__hover_enabled=&#8220;off&#8220; button_bg_color__hover_enabled=&#8220;off&#8220; button_one_bg_color__hover_enabled=&#8220;off&#8220; button_two_bg_color__hover_enabled=&#8220;off&#8220;][\/et_pb_contact_field][et_pb_contact_field field_id=&#8220;Telefonnummer&#8220; field_title=&#8220;Telefonnummer&#8220; allowed_symbols=&#8220;numbers&#8220; required_mark=&#8220;off&#8220; fullwidth_field=&#8220;on&#8220; _builder_version=&#8220;4.27.4&#8243; _module_preset=&#8220;default&#8220; global_colors_info=&#8220;{}&#8220;][\/et_pb_contact_field][\/et_pb_contact_form][\/et_pb_column][et_pb_column type=&#8220;1_2&#8243; _builder_version=&#8220;4.27.4&#8243; _module_preset=&#8220;default&#8220; global_colors_info=&#8220;{}&#8220;][et_pb_heading title=&#8220;Anschrift&#8220; _builder_version=&#8220;4.27.4&#8243; _module_preset=&#8220;default&#8220; global_colors_info=&#8220;{}&#8220;][\/et_pb_heading][et_pb_text _builder_version=&#8220;4.27.4&#8243; _module_preset=&#8220;default&#8220; global_colors_info=&#8220;{}&#8220;]<\/p>\n<div id=\"comp-ihw3hwha\" class=\"HcOXKn c9GqVL QxJLC3 lq2cno YQcXTT comp-ihw3hwha wixui-rich-text\" data-testid=\"richTextElement\">\n<p class=\"font_7 wixui-rich-text__text\" style=\"line-height: 1.5em; font-size: 17px;\"><span style=\"letter-spacing: normal;\" class=\"wixui-rich-text__text\">R. Kraus Bau GmbH<\/span><\/p>\n<p class=\"font_7 wixui-rich-text__text\" style=\"line-height: 1.5em; font-size: 17px;\"><span style=\"letter-spacing: normal;\" class=\"wixui-rich-text__text\">Schachen 29 1\/4<\/span><\/p>\n<p class=\"font_7 wixui-rich-text__text\" style=\"line-height: 1.5em; font-size: 17px;\">87724 Ottobeuren<\/p>\n<p class=\"font_7 wixui-rich-text__text\" style=\"line-height: 1.5em; font-size: 17px;\">\n<\/div>\n<p>[\/et_pb_text][et_pb_icon font_icon=&#8220;&#xf45c;||fa||900&#8243; _builder_version=&#8220;4.27.4&#8243; _module_preset=&#8220;default&#8220; transform_scale=&#8220;73{c94ec2e16cc1700317c9b58aa1376c395a916a915f054a6828f4f4979fc18d7d}|12{c94ec2e16cc1700317c9b58aa1376c395a916a915f054a6828f4f4979fc18d7d}&#8220; transform_scale_linked=&#8220;off&#8220; custom_margin=&#8220;-51px|||-438px|false|false&#8220; global_colors_info=&#8220;{}&#8220;][\/et_pb_icon][et_pb_text _builder_version=&#8220;4.27.4&#8243; _module_preset=&#8220;default&#8220; custom_margin=&#8220;-78px||||false|false&#8220; global_colors_info=&#8220;{}&#8220;]<\/p>\n<p class=\"font_7 wixui-rich-text__text\" style=\"line-height: 1.5em; font-size: 17px;\"><span style=\"letter-spacing: normal;\" class=\"wixui-rich-text__text\"><span class=\"wixGuard wixui-rich-text__text\">\u200b<\/span><\/span><\/p>\n<p class=\"font_7 wixui-rich-text__text\" style=\"line-height: 1.5em; font-size: 17px;\"><span style=\"letter-spacing: normal;\" class=\"wixui-rich-text__text\"><a data-auto-recognition=\"true\" href=\"mailto:info@bauen-kraus.de\" class=\"wixui-rich-text__text\">info@bauen-kraus.de<\/a><\/span><\/p>\n<p class=\"font_7 wixui-rich-text__text\" style=\"line-height: 1.5em; font-size: 17px;\"><span style=\"letter-spacing: normal;\" class=\"wixui-rich-text__text\">Tel.: +49 176 43671292<\/span><\/p>\n<p>[\/et_pb_text][et_pb_heading title=&#8220;Ihr Ansprechpartner&#8220; _builder_version=&#8220;4.27.4&#8243; _module_preset=&#8220;default&#8220; custom_margin=&#8220;51px||||false|false&#8220; global_colors_info=&#8220;{}&#8220;][\/et_pb_heading][et_pb_text _builder_version=&#8220;4.27.4&#8243; _module_preset=&#8220;default&#8220; text_font_size=&#8220;16px&#8220; text_line_height=&#8220;1em&#8220; custom_margin=&#8220;71px||||false|false&#8220; custom_margin_tablet=&#8220;71px||||false|false&#8220; custom_margin_phone=&#8220;125px||||false|false&#8220; custom_margin_last_edited=&#8220;on|phone&#8220; global_colors_info=&#8220;{}&#8220;]<\/p>\n<p><strong>Rico Kraus<\/strong><\/p>\n<p>Mauerermeister und Inhaber<\/p>\n<p>[\/et_pb_text][et_pb_image src=&#8220;https:\/\/eventstadl.de\/wp-content\/uploads\/2025\/01\/20250119_223113.png&#8220; title_text=&#8220;20250119_223113&#8243; _builder_version=&#8220;4.27.4&#8243; _module_preset=&#8220;default&#8220; transform_scale=&#8220;32{c94ec2e16cc1700317c9b58aa1376c395a916a915f054a6828f4f4979fc18d7d}|32{c94ec2e16cc1700317c9b58aa1376c395a916a915f054a6828f4f4979fc18d7d}&#8220; transform_scale_tablet=&#8220;32{c94ec2e16cc1700317c9b58aa1376c395a916a915f054a6828f4f4979fc18d7d}|32{c94ec2e16cc1700317c9b58aa1376c395a916a915f054a6828f4f4979fc18d7d}&#8220; transform_scale_phone=&#8220;32{c94ec2e16cc1700317c9b58aa1376c395a916a915f054a6828f4f4979fc18d7d}|32{c94ec2e16cc1700317c9b58aa1376c395a916a915f054a6828f4f4979fc18d7d}&#8220; transform_scale_last_edited=&#8220;on|phone&#8220; transform_translate=&#8220;325px|-768px&#8220; transform_translate_tablet=&#8220;325px|-768px&#8220; transform_translate_phone=&#8220;220px|-675px&#8220; transform_translate_last_edited=&#8220;on|phone&#8220; transform_translate_linked=&#8220;off&#8220; transform_rotate_tablet=&#8220;&#8220; transform_rotate_phone=&#8220;&#8220; transform_rotate_last_edited=&#8220;on|phone&#8220; transform_skew_tablet=&#8220;&#8220; transform_skew_phone=&#8220;&#8220; transform_skew_last_edited=&#8220;on|phone&#8220; transform_origin_tablet=&#8220;&#8220; transform_origin_phone=&#8220;&#8220; transform_origin_last_edited=&#8220;on|phone&#8220; transform_styles_last_edited=&#8220;on|phone&#8220; custom_margin=&#8220;-122px||-311px|-67px|false|false&#8220; custom_padding=&#8220;|0px||||&#8220; transform_styles_tablet=&#8220;&#8220; transform_styles_phone=&#8220;&#8220; global_colors_info=&#8220;{}&#8220;][\/et_pb_image][\/et_pb_column][\/et_pb_row][\/et_pb_section][et_pb_section fb_built=&#8220;1&#8243; disabled_on=&#8220;on|on|on&#8220; _builder_version=&#8220;4.27.4&#8243; _module_preset=&#8220;default&#8220; disabled=&#8220;on&#8220; global_colors_info=&#8220;{}&#8220;][et_pb_row _builder_version=&#8220;4.27.4&#8243; _module_preset=&#8220;default&#8220; global_colors_info=&#8220;{}&#8220;][et_pb_column type=&#8220;4_4&#8243; _builder_version=&#8220;4.27.4&#8243; _module_preset=&#8220;default&#8220; global_colors_info=&#8220;{}&#8220;][et_pb_heading title=&#8220;Furpark &#038; Referenzen&#8220; module_id=&#8220;Referenzen&#8220; _builder_version=&#8220;4.27.4&#8243; _module_preset=&#8220;default&#8220; title_font=&#8220;|600|||||||&#8220; title_text_align=&#8220;center&#8220; title_text_color=&#8220;#136D37&#8243; title_font_size=&#8220;50px&#8220; global_colors_info=&#8220;{}&#8220;][\/et_pb_heading][\/et_pb_column][\/et_pb_row][et_pb_row _builder_version=&#8220;4.27.4&#8243; _module_preset=&#8220;default&#8220; global_colors_info=&#8220;{}&#8220;][et_pb_column type=&#8220;4_4&#8243; _builder_version=&#8220;4.27.4&#8243; _module_preset=&#8220;default&#8220; global_colors_info=&#8220;{}&#8220;][et_pb_heading title=&#8220;Hochbau &#038; Betonarbeiten&#8220; _builder_version=&#8220;4.27.4&#8243; _module_preset=&#8220;default&#8220; global_colors_info=&#8220;{}&#8220;][\/et_pb_heading][\/et_pb_column][\/et_pb_row][et_pb_row column_structure=&#8220;1_3,1_3,1_3&#8243; _builder_version=&#8220;4.27.4&#8243; _module_preset=&#8220;default&#8220; global_colors_info=&#8220;{}&#8220;][et_pb_column type=&#8220;1_3&#8243; _builder_version=&#8220;4.27.4&#8243; _module_preset=&#8220;default&#8220; global_colors_info=&#8220;{}&#8220;][et_pb_image src=&#8220;https:\/\/eventstadl.de\/wp-content\/uploads\/2025\/01\/WhatsApp-Image-2025-01-19-at-13.52.54.jpeg.png&#8220; title_text=&#8220;WhatsApp Image 2025-01-19 at 13.52.54.jpeg&#8220; _builder_version=&#8220;4.27.4&#8243; _module_preset=&#8220;default&#8220; global_colors_info=&#8220;{}&#8220;][\/et_pb_image][et_pb_image src=&#8220;https:\/\/eventstadl.de\/wp-content\/uploads\/2025\/01\/Wand.png&#8220; title_text=&#8220;Wand&#8220; _builder_version=&#8220;4.27.4&#8243; _module_preset=&#8220;default&#8220; global_colors_info=&#8220;{}&#8220;][\/et_pb_image][\/et_pb_column][et_pb_column type=&#8220;1_3&#8243; _builder_version=&#8220;4.27.4&#8243; _module_preset=&#8220;default&#8220; global_colors_info=&#8220;{}&#8220;][et_pb_image src=&#8220;https:\/\/eventstadl.de\/wp-content\/uploads\/2025\/01\/Hochbau.avif&#8220; title_text=&#8220;Hochbau&#8220; _builder_version=&#8220;4.27.4&#8243; _module_preset=&#8220;default&#8220; global_colors_info=&#8220;{}&#8220;][\/et_pb_image][et_pb_image src=&#8220;https:\/\/eventstadl.de\/wp-content\/uploads\/2025\/01\/BP.png&#8220; title_text=&#8220;BP&#8220; _builder_version=&#8220;4.27.4&#8243; _module_preset=&#8220;default&#8220; global_colors_info=&#8220;{}&#8220;][\/et_pb_image][\/et_pb_column][et_pb_column type=&#8220;1_3&#8243; _builder_version=&#8220;4.27.4&#8243; _module_preset=&#8220;default&#8220; global_colors_info=&#8220;{}&#8220;][et_pb_image src=&#8220;https:\/\/eventstadl.de\/wp-content\/uploads\/2025\/01\/WhatsApp-Image-2025-01-19-at-13-1.png&#8220; title_text=&#8220;WhatsApp Image 2025-01-19 at 13.&#8220; _builder_version=&#8220;4.27.4&#8243; _module_preset=&#8220;default&#8220; global_colors_info=&#8220;{}&#8220;][\/et_pb_image][et_pb_image src=&#8220;https:\/\/eventstadl.de\/wp-content\/uploads\/2025\/01\/Keller.png&#8220; title_text=&#8220;Keller&#8220; _builder_version=&#8220;4.27.4&#8243; _module_preset=&#8220;default&#8220; global_colors_info=&#8220;{}&#8220;][\/et_pb_image][\/et_pb_column][\/et_pb_row][et_pb_row _builder_version=&#8220;4.27.4&#8243; _module_preset=&#8220;default&#8220; global_colors_info=&#8220;{}&#8220;][et_pb_column type=&#8220;4_4&#8243; _builder_version=&#8220;4.27.4&#8243; _module_preset=&#8220;default&#8220; global_colors_info=&#8220;{}&#8220;][et_pb_heading title=&#8220;Erdbau &#038; Baggerarbeiten&#8220; _builder_version=&#8220;4.27.4&#8243; _module_preset=&#8220;default&#8220; global_colors_info=&#8220;{}&#8220;][\/et_pb_heading][\/et_pb_column][\/et_pb_row][et_pb_row column_structure=&#8220;1_3,1_3,1_3&#8243; _builder_version=&#8220;4.27.4&#8243; _module_preset=&#8220;default&#8220; global_colors_info=&#8220;{}&#8220;][et_pb_column type=&#8220;1_3&#8243; _builder_version=&#8220;4.27.4&#8243; _module_preset=&#8220;default&#8220; global_colors_info=&#8220;{}&#8220;][et_pb_image src=&#8220;https:\/\/eventstadl.de\/wp-content\/uploads\/2025\/01\/WhatsApp-Image-2025-01-19-at-13.53.33.jpeg&#8220; title_text=&#8220;WhatsApp Image 2025-01-19 at 13.53.33&#8243; _builder_version=&#8220;4.27.4&#8243; _module_preset=&#8220;default&#8220; global_colors_info=&#8220;{}&#8220;][\/et_pb_image][et_pb_image src=&#8220;https:\/\/eventstadl.de\/wp-content\/uploads\/2025\/01\/WhatsApp-Bild-2024-03-10-um-21.12.05_bdb849f9.jpg&#8220; title_text=&#8220;WhatsApp Bild 2024-03-10 um 21.12.05_bdb849f9&#8243; _builder_version=&#8220;4.27.4&#8243; _module_preset=&#8220;default&#8220; global_colors_info=&#8220;{}&#8220;][\/et_pb_image][et_pb_image src=&#8220;https:\/\/eventstadl.de\/wp-content\/uploads\/2025\/01\/Pool.png&#8220; title_text=&#8220;Pool&#8220; _builder_version=&#8220;4.27.4&#8243; _module_preset=&#8220;default&#8220; global_colors_info=&#8220;{}&#8220;][\/et_pb_image][\/et_pb_column][et_pb_column type=&#8220;1_3&#8243; _builder_version=&#8220;4.27.4&#8243; _module_preset=&#8220;default&#8220; global_colors_info=&#8220;{}&#8220;][et_pb_image src=&#8220;https:\/\/eventstadl.de\/wp-content\/uploads\/2025\/01\/WhatsApp-Image-2025-01-19-at-14.03.11-1.jpeg&#8220; title_text=&#8220;WhatsApp Image 2025-01-19 at 14.03.11 (1)&#8220; _builder_version=&#8220;4.27.4&#8243; _module_preset=&#8220;default&#8220; global_colors_info=&#8220;{}&#8220;][\/et_pb_image][et_pb_image src=&#8220;https:\/\/eventstadl.de\/wp-content\/uploads\/2025\/01\/WhatsApp-Bild-2024-06-02-um-22.04.45_678ba9d7-1.jpg&#8220; title_text=&#8220;WhatsApp Bild 2024-06-02 um 22.04.45_678ba9d7 (1)&#8220; _builder_version=&#8220;4.27.4&#8243; _module_preset=&#8220;default&#8220; global_colors_info=&#8220;{}&#8220;][\/et_pb_image][et_pb_image src=&#8220;https:\/\/eventstadl.de\/wp-content\/uploads\/2025\/01\/Liebherr.png&#8220; title_text=&#8220;Liebherr&#8220; _builder_version=&#8220;4.27.4&#8243; _module_preset=&#8220;default&#8220; global_colors_info=&#8220;{}&#8220;][\/et_pb_image][\/et_pb_column][et_pb_column type=&#8220;1_3&#8243; _builder_version=&#8220;4.27.4&#8243; _module_preset=&#8220;default&#8220; global_colors_info=&#8220;{}&#8220;][et_pb_image src=&#8220;https:\/\/eventstadl.de\/wp-content\/uploads\/2025\/01\/WhatsApp-Bild-2024-03-10-um-21.24.03_618a88eb.jpg&#8220; title_text=&#8220;WhatsApp Bild 2024-03-10 um 21.24.03_618a88eb&#8220; _builder_version=&#8220;4.27.4&#8243; _module_preset=&#8220;default&#8220; global_colors_info=&#8220;{}&#8220;][\/et_pb_image][et_pb_image src=&#8220;https:\/\/eventstadl.de\/wp-content\/uploads\/2025\/01\/WhatsApp-Image-2025-01-19-at-14.03.12.jpeg&#8220; title_text=&#8220;WhatsApp Image 2025-01-19 at 14.03.12&#8243; _builder_version=&#8220;4.27.4&#8243; _module_preset=&#8220;default&#8220; global_colors_info=&#8220;{}&#8220;][\/et_pb_image][et_pb_image src=&#8220;https:\/\/eventstadl.de\/wp-content\/uploads\/2025\/01\/WhatsApp-Bild-2024-03-10-um-21.12.02_4efa6602.jpg&#8220; title_text=&#8220;WhatsApp Bild 2024-03-10 um 21.12.02_4efa6602&#8243; _builder_version=&#8220;4.27.4&#8243; _module_preset=&#8220;default&#8220; global_colors_info=&#8220;{}&#8220;][\/et_pb_image][\/et_pb_column][\/et_pb_row][et_pb_row _builder_version=&#8220;4.27.4&#8243; _module_preset=&#8220;default&#8220; global_colors_info=&#8220;{}&#8220;][et_pb_column type=&#8220;4_4&#8243; _builder_version=&#8220;4.27.4&#8243; _module_preset=&#8220;default&#8220; global_colors_info=&#8220;{}&#8220;][et_pb_heading title=&#8220;Au\u00dfenanlagen &#038; Pflaster&#8220; _builder_version=&#8220;4.27.4&#8243; _module_preset=&#8220;default&#8220; global_colors_info=&#8220;{}&#8220;][\/et_pb_heading][\/et_pb_column][\/et_pb_row][et_pb_row column_structure=&#8220;1_3,1_3,1_3&#8243; _builder_version=&#8220;4.27.4&#8243; _module_preset=&#8220;default&#8220; global_colors_info=&#8220;{}&#8220;][et_pb_column type=&#8220;1_3&#8243; _builder_version=&#8220;4.27.4&#8243; _module_preset=&#8220;default&#8220; global_colors_info=&#8220;{}&#8220;][et_pb_image src=&#8220;https:\/\/eventstadl.de\/wp-content\/uploads\/2025\/01\/IMG_20220527_185549-scaled.jpg&#8220; title_text=&#8220;IMG_20220527_185549&#8243; _builder_version=&#8220;4.27.4&#8243; _module_preset=&#8220;default&#8220; global_colors_info=&#8220;{}&#8220;][\/et_pb_image][et_pb_image src=&#8220;https:\/\/eventstadl.de\/wp-content\/uploads\/2025\/01\/WhatsApp-Bild-2023-09-23-um-09.10.34.jpg&#8220; title_text=&#8220;WhatsApp Bild 2023-09-23 um 09.10.34&#8243; _builder_version=&#8220;4.27.4&#8243; _module_preset=&#8220;default&#8220; global_colors_info=&#8220;{}&#8220;][\/et_pb_image][et_pb_image src=&#8220;https:\/\/eventstadl.de\/wp-content\/uploads\/2025\/01\/WhatsApp-Bild-2024-03-10-um-21.25.58_23d6be23.jpg&#8220; title_text=&#8220;WhatsApp Bild 2024-03-10 um 21.25.58_23d6be23&#8243; _builder_version=&#8220;4.27.4&#8243; _module_preset=&#8220;default&#8220; global_colors_info=&#8220;{}&#8220;][\/et_pb_image][\/et_pb_column][et_pb_column type=&#8220;1_3&#8243; _builder_version=&#8220;4.27.4&#8243; _module_preset=&#8220;default&#8220; global_colors_info=&#8220;{}&#8220;][et_pb_image src=&#8220;https:\/\/eventstadl.de\/wp-content\/uploads\/2025\/01\/WhatsApp-Image-2025-01-19-at-13.49.24.jpeg&#8220; title_text=&#8220;WhatsApp Image 2025-01-19 at 13.49.24&#8243; _builder_version=&#8220;4.27.4&#8243; _module_preset=&#8220;default&#8220; global_colors_info=&#8220;{}&#8220;][\/et_pb_image][et_pb_image src=&#8220;https:\/\/eventstadl.de\/wp-content\/uploads\/2025\/01\/WhatsApp-Bild-2024-03-10-um-21.10.29_388f2010.jpg&#8220; title_text=&#8220;WhatsApp Bild 2024-03-10 um 21.10.29_388f2010&#8243; _builder_version=&#8220;4.27.4&#8243; _module_preset=&#8220;default&#8220; global_colors_info=&#8220;{}&#8220;][\/et_pb_image][\/et_pb_column][et_pb_column type=&#8220;1_3&#8243; _builder_version=&#8220;4.27.4&#8243; _module_preset=&#8220;default&#8220; global_colors_info=&#8220;{}&#8220;][et_pb_image src=&#8220;https:\/\/eventstadl.de\/wp-content\/uploads\/2025\/01\/WhatsApp-Bild-2024-03-10-um-21.12.05_4fa254a6.jpg&#8220; title_text=&#8220;WhatsApp Bild 2024-03-10 um 21.12.05_4fa254a6&#8243; _builder_version=&#8220;4.27.4&#8243; _module_preset=&#8220;default&#8220; global_colors_info=&#8220;{}&#8220;][\/et_pb_image][et_pb_image src=&#8220;https:\/\/eventstadl.de\/wp-content\/uploads\/2025\/01\/WhatsApp-Bild-2023-09-27-um-11.42.56-scaled.jpg&#8220; title_text=&#8220;WhatsApp Bild 2023-09-27 um 11.42.56&#8243; _builder_version=&#8220;4.27.4&#8243; _module_preset=&#8220;default&#8220; global_colors_info=&#8220;{}&#8220;][\/et_pb_image][\/et_pb_column][\/et_pb_row][et_pb_row _builder_version=&#8220;4.27.4&#8243; _module_preset=&#8220;default&#8220; global_colors_info=&#8220;{}&#8220;][et_pb_column type=&#8220;4_4&#8243; _builder_version=&#8220;4.27.4&#8243; _module_preset=&#8220;default&#8220; global_colors_info=&#8220;{}&#8220;][et_pb_heading title=&#8220;Anbau &#8211; Erdarbeiten, Rohbau &#038; Au\u00dfenanlagen&#8220; _builder_version=&#8220;4.27.4&#8243; _module_preset=&#8220;default&#8220; global_colors_info=&#8220;{}&#8220;][\/et_pb_heading][\/et_pb_column][\/et_pb_row][et_pb_row column_structure=&#8220;1_3,1_3,1_3&#8243; _builder_version=&#8220;4.27.4&#8243; _module_preset=&#8220;default&#8220; global_colors_info=&#8220;{}&#8220;][et_pb_column type=&#8220;1_3&#8243; _builder_version=&#8220;4.27.4&#8243; _module_preset=&#8220;default&#8220; global_colors_info=&#8220;{}&#8220;][et_pb_image src=&#8220;https:\/\/eventstadl.de\/wp-content\/uploads\/2025\/01\/WhatsApp-Image-2025-01-19-at-13.52.png&#8220; title_text=&#8220;WhatsApp Image 2025-01-19 at 13.52&#8243; _builder_version=&#8220;4.27.4&#8243; _module_preset=&#8220;default&#8220; global_colors_info=&#8220;{}&#8220;][\/et_pb_image][\/et_pb_column][et_pb_column type=&#8220;1_3&#8243; _builder_version=&#8220;4.27.4&#8243; _module_preset=&#8220;default&#8220; global_colors_info=&#8220;{}&#8220;][et_pb_image src=&#8220;https:\/\/eventstadl.de\/wp-content\/uploads\/2025\/01\/WhatsApp-Bild-2024-05-12-um-22.41.13_70488ddf.jpg&#8220; title_text=&#8220;WhatsApp Bild 2024-05-12 um 22.41.13_70488ddf&#8220; _builder_version=&#8220;4.27.4&#8243; _module_preset=&#8220;default&#8220; global_colors_info=&#8220;{}&#8220;][\/et_pb_image][\/et_pb_column][et_pb_column type=&#8220;1_3&#8243; _builder_version=&#8220;4.27.4&#8243; _module_preset=&#8220;default&#8220; global_colors_info=&#8220;{}&#8220;][\/et_pb_column][\/et_pb_row][\/et_pb_section][et_pb_section fb_built=&#8220;1&#8243; disabled_on=&#8220;on|on|on&#8220; _builder_version=&#8220;4.27.4&#8243; _module_preset=&#8220;default&#8220; background_color=&#8220;rgba(19,109,55,0.7)&#8220; position_origin_f=&#8220;bottom_center&#8220; custom_padding=&#8220;0px||0px||false|false&#8220; disabled=&#8220;on&#8220; global_colors_info=&#8220;{}&#8220;][et_pb_row column_structure=&#8220;1_3,1_3,1_3&#8243; _builder_version=&#8220;4.27.4&#8243; _module_preset=&#8220;default&#8220; global_colors_info=&#8220;{}&#8220;][et_pb_column type=&#8220;1_3&#8243; _builder_version=&#8220;4.27.4&#8243; _module_preset=&#8220;default&#8220; global_colors_info=&#8220;{}&#8220;][et_pb_text _builder_version=&#8220;4.27.4&#8243; _module_preset=&#8220;default&#8220; text_text_color=&#8220;#FFFFFF&#8220; text_font_size=&#8220;16px&#8220; text_line_height=&#8220;1em&#8220; global_colors_info=&#8220;{}&#8220;]<\/p>\n<p><strong>R. Kraus Bau GmbH<\/strong><\/p>\n<p>Schachen 29 1\/4, 87724 Ottobeuren<\/p>\n<p>Tel.: +49 (0) 17643671292<\/p>\n<p>info@bauen-kraus.de<\/p>\n<p>[\/et_pb_text][\/et_pb_column][et_pb_column type=&#8220;1_3&#8243; _builder_version=&#8220;4.27.4&#8243; _module_preset=&#8220;default&#8220; global_colors_info=&#8220;{}&#8220;][\/et_pb_column][et_pb_column type=&#8220;1_3&#8243; _builder_version=&#8220;4.27.4&#8243; _module_preset=&#8220;default&#8220; global_colors_info=&#8220;{}&#8220;][et_pb_button button_text=&#8220;Impressum&#8220; button_alignment=&#8220;right&#8220; _builder_version=&#8220;4.27.4&#8243; _module_preset=&#8220;default&#8220; custom_button=&#8220;on&#8220; button_text_size=&#8220;20px&#8220; button_text_color=&#8220;#FFFFFF&#8220; button_border_width=&#8220;0px&#8220; button_font=&#8220;|700|||||||&#8220; global_colors_info=&#8220;{}&#8220;][\/et_pb_button][et_pb_button button_text=&#8220;Datenschutz&#8220; button_alignment=&#8220;right&#8220; _builder_version=&#8220;4.27.4&#8243; _module_preset=&#8220;default&#8220; custom_button=&#8220;on&#8220; button_text_color=&#8220;#FFFFFF&#8220; button_border_width=&#8220;0px&#8220; button_font=&#8220;|700|||||||&#8220; custom_margin=&#8220;-35px||||false|false&#8220; global_colors_info=&#8220;{}&#8220;][\/et_pb_button][et_pb_button button_text=&#8220;Kontakt&#8220; button_alignment=&#8220;right&#8220; _builder_version=&#8220;4.27.4&#8243; _module_preset=&#8220;default&#8220; custom_button=&#8220;on&#8220; button_text_color=&#8220;#FFFFFF&#8220; button_border_width=&#8220;0px&#8220; button_font=&#8220;|700|||||||&#8220; custom_margin=&#8220;-35px||||false|false&#8220; global_colors_info=&#8220;{}&#8220;][\/et_pb_button][\/et_pb_column][\/et_pb_row][\/et_pb_section]<\/p>\n","protected":false},"excerpt":{"rendered":"<p>Datenschutz Die Betreiber dieser Seiten nehmen den Schutz Ihrer pers\u00f6nlichen Daten sehr ernst. Wir behandeln Ihre personenbezogenen Daten vertraulich und entsprechend der gesetzlichen Datenschutzvorschriften sowie dieser Datenschutzerkl\u00e4rung. Die Nutzung unserer Webseite ist in der Regel ohne Angabe personenbezogener Daten m\u00f6glich. Soweit auf unseren Seiten personenbezogene Daten (beispielsweise Name, Anschrift oder E-Mail-Adressen) erhoben werden, erfolgt dies, [&hellip;]<\/p>\n","protected":false},"author":1,"featured_media":0,"parent":0,"menu_order":0,"comment_status":"closed","ping_status":"closed","template":"","meta":{"_et_pb_use_builder":"on","_et_pb_old_content":"","_et_gb_content_width":"","footnotes":""},"class_list":["post-256","page","type-page","status-publish","hentry"],"_links":{"self":[{"href":"https:\/\/bauen-kraus.de\/index.php?rest_route=\/wp\/v2\/pages\/256","targetHints":{"allow":["GET"]}}],"collection":[{"href":"https:\/\/bauen-kraus.de\/index.php?rest_route=\/wp\/v2\/pages"}],"about":[{"href":"https:\/\/bauen-kraus.de\/index.php?rest_route=\/wp\/v2\/types\/page"}],"author":[{"embeddable":true,"href":"https:\/\/bauen-kraus.de\/index.php?rest_route=\/wp\/v2\/users\/1"}],"replies":[{"embeddable":true,"href":"https:\/\/bauen-kraus.de\/index.php?rest_route=%2Fwp%2Fv2%2Fcomments&post=256"}],"version-history":[{"count":5,"href":"https:\/\/bauen-kraus.de\/index.php?rest_route=\/wp\/v2\/pages\/256\/revisions"}],"predecessor-version":[{"id":552,"href":"https:\/\/bauen-kraus.de\/index.php?rest_route=\/wp\/v2\/pages\/256\/revisions\/552"}],"wp:attachment":[{"href":"https:\/\/bauen-kraus.de\/index.php?rest_route=%2Fwp%2Fv2%2Fmedia&parent=256"}],"curies":[{"name":"wp","href":"https:\/\/api.w.org\/{rel}","templated":true}]}}